{"version":"1.0","provider_name":"Equity and Inclusive Communities","provider_url":"https:\/\/carleton.ca\/equity","author_name":"Linda Hartwell","author_url":"https:\/\/carleton.ca\/equity\/author\/lindahartwell\/","title":"Jude Mary C\u00e9nat - Equity and Inclusive Communities","type":"rich","width":600,"height":338,"html":"<blockquote class=\"wp-embedded-content\" data-secret=\"40gKv9Nmi9\"><a href=\"https:\/\/carleton.ca\/equity\/people\/6593\/\">Jude Mary C\u00e9nat<\/a><\/blockquote><iframe sandbox=\"allow-scripts\" security=\"restricted\" src=\"https:\/\/carleton.ca\/equity\/people\/6593\/embed\/#?secret=40gKv9Nmi9\" width=\"600\" height=\"338\" title=\"&#8220;Jude Mary C\u00e9nat&#8221; &#8212; Equity and Inclusive Communities\" data-secret=\"40gKv9Nmi9\" frameborder=\"0\" marginwidth=\"0\" marginheight=\"0\" scrolling=\"no\" class=\"wp-embedded-content\"><\/iframe><script type=\"text\/javascript\">\n\/* <![CDATA[ *\/\n\/*! This file is auto-generated *\/\n!function(d,l){\"use strict\";l.querySelector&&d.addEventListener&&\"undefined\"!=typeof URL&&(d.wp=d.wp||{},d.wp.receiveEmbedMessage||(d.wp.receiveEmbedMessage=function(e){var t=e.data;if((t||t.secret||t.message||t.value)&&!\/[^a-zA-Z0-9]\/.test(t.secret)){for(var s,r,n,a=l.querySelectorAll('iframe[data-secret=\"'+t.secret+'\"]'),o=l.querySelectorAll('blockquote[data-secret=\"'+t.secret+'\"]'),c=new RegExp(\"^https?:$\",\"i\"),i=0;i<o.length;i++)o[i].style.display=\"none\";for(i=0;i<a.length;i++)s=a[i],e.source===s.contentWindow&&(s.removeAttribute(\"style\"),\"height\"===t.message?(1e3<(r=parseInt(t.value,10))?r=1e3:~~r<200&&(r=200),s.height=r):\"link\"===t.message&&(r=new URL(s.getAttribute(\"src\")),n=new URL(t.value),c.test(n.protocol))&&n.host===r.host&&l.activeElement===s&&(d.top.location.href=t.value))}},d.addEventListener(\"message\",d.wp.receiveEmbedMessage,!1),l.addEventListener(\"DOMContentLoaded\",function(){for(var e,t,s=l.querySelectorAll(\"iframe.wp-embedded-content\"),r=0;r<s.length;r++)(t=(e=s[r]).getAttribute(\"data-secret\"))||(t=Math.random().toString(36).substring(2,12),e.src+=\"#?secret=\"+t,e.setAttribute(\"data-secret\",t)),e.contentWindow.postMessage({message:\"ready\",secret:t},\"*\")},!1)))}(window,document);\n\/\/# sourceURL=https:\/\/carleton.ca\/equity\/wp-includes\/js\/wp-embed.min.js\n\/* ]]> *\/\n<\/script>\n","thumbnail_url":"https:\/\/carleton.ca\/equity\/wp-content\/uploads\/sites\/152\/2026\/02\/Jude-Mary-Cenat-.jpeg","thumbnail_width":200,"thumbnail_height":200,"description":"Jude Mary\u202fC\u00e9nat\u202fest professeur titulaire \u00e0 l\u2019\u00c9cole de psychologie de l\u2019Universit\u00e9 d\u2019Ottawa, o\u00f9 il occupe \u00e9galement les fonctions de directeur du Centre interdisciplinaire pour la sant\u00e9 des\u00a0Noir.e.s\u00a0et du laboratoire de recherche Vuln\u00e9rabilit\u00e9, Trauma, R\u00e9silience et Culture (V-TRaC). Il est titulaire de la Chaire de recherche de l\u2019Universit\u00e9 d\u2019Ottawa sur la sant\u00e9 des personnes noires. Ses recherches [&hellip;]"}