{"version":"1.0","provider_name":"Equity and Inclusive Communities","provider_url":"https:\/\/carleton.ca\/equity","author_name":"Linda Hartwell","author_url":"https:\/\/carleton.ca\/equity\/author\/lindahartwell\/","title":"No\u00ebl Badiou - Equity and Inclusive Communities","type":"rich","width":600,"height":338,"html":"<blockquote class=\"wp-embedded-content\" data-secret=\"8ZgGLLLDrU\"><a href=\"https:\/\/carleton.ca\/equity\/people\/noel-badiou-2\/\">No\u00ebl  Badiou<\/a><\/blockquote><iframe sandbox=\"allow-scripts\" security=\"restricted\" src=\"https:\/\/carleton.ca\/equity\/people\/noel-badiou-2\/embed\/#?secret=8ZgGLLLDrU\" width=\"600\" height=\"338\" title=\"&#8220;No\u00ebl  Badiou&#8221; &#8212; Equity and Inclusive Communities\" data-secret=\"8ZgGLLLDrU\" frameborder=\"0\" marginwidth=\"0\" marginheight=\"0\" scrolling=\"no\" class=\"wp-embedded-content\"><\/iframe><script type=\"text\/javascript\">\n\/* <![CDATA[ *\/\n\/*! This file is auto-generated *\/\n!function(d,l){\"use strict\";l.querySelector&&d.addEventListener&&\"undefined\"!=typeof URL&&(d.wp=d.wp||{},d.wp.receiveEmbedMessage||(d.wp.receiveEmbedMessage=function(e){var t=e.data;if((t||t.secret||t.message||t.value)&&!\/[^a-zA-Z0-9]\/.test(t.secret)){for(var s,r,n,a=l.querySelectorAll('iframe[data-secret=\"'+t.secret+'\"]'),o=l.querySelectorAll('blockquote[data-secret=\"'+t.secret+'\"]'),c=new RegExp(\"^https?:$\",\"i\"),i=0;i<o.length;i++)o[i].style.display=\"none\";for(i=0;i<a.length;i++)s=a[i],e.source===s.contentWindow&&(s.removeAttribute(\"style\"),\"height\"===t.message?(1e3<(r=parseInt(t.value,10))?r=1e3:~~r<200&&(r=200),s.height=r):\"link\"===t.message&&(r=new URL(s.getAttribute(\"src\")),n=new URL(t.value),c.test(n.protocol))&&n.host===r.host&&l.activeElement===s&&(d.top.location.href=t.value))}},d.addEventListener(\"message\",d.wp.receiveEmbedMessage,!1),l.addEventListener(\"DOMContentLoaded\",function(){for(var e,t,s=l.querySelectorAll(\"iframe.wp-embedded-content\"),r=0;r<s.length;r++)(t=(e=s[r]).getAttribute(\"data-secret\"))||(t=Math.random().toString(36).substring(2,12),e.src+=\"#?secret=\"+t,e.setAttribute(\"data-secret\",t)),e.contentWindow.postMessage({message:\"ready\",secret:t},\"*\")},!1)))}(window,document);\n\/\/# sourceURL=https:\/\/carleton.ca\/equity\/wp-includes\/js\/wp-embed.min.js\n\/* ]]> *\/\n<\/script>\n","thumbnail_url":"https:\/\/carleton.ca\/equity\/wp-content\/uploads\/sites\/152\/IMG_7324-Noel-1400x1296.jpg","thumbnail_width":1400,"thumbnail_height":1296,"description":"No\u00ebl Badiou est vice-pr\u00e9sident associ\u00e9, \u00c9quit\u00e9 et communaut\u00e9s inclusives, \u00e0 Carleton. Ce poste important lui conf\u00e8re un r\u00f4le de premier plan dans les initiatives de Carleton en mati\u00e8re de droits de la personne, d\u2019\u00e9quit\u00e9, de diversit\u00e9 et d\u2019inclusion (EDI). No\u00ebl rejoint Carleton en 2022 apr\u00e8s avoir quitt\u00e9 l\u2019Universit\u00e9 d\u2019Ottawa, o\u00f9 il occupait le poste de [&hellip;]"}