{"id":5571,"date":"2025-11-06T18:54:28","date_gmt":"2025-11-06T23:54:28","guid":{"rendered":"https:\/\/carleton.ca\/mpnl\/?page_id=5571"},"modified":"2026-08-23T16:47:03","modified_gmt":"2026-08-23T20:47:03","slug":"wip-team","status":"publish","type":"page","link":"https:\/\/carleton.ca\/mpnl\/wip\/wip-team\/","title":{"rendered":"WiP Team"},"content":{"rendered":"\n<section class=\"w-screen px-6 cu-section cu-section--white ml-offset-center md:px-8 lg:px-14\">\n    <div class=\"space-y-6 cu-max-w-child-max  md:space-y-10 cu-prose-first-last\">\n\n        \n                    \n                    \n            \n    <div class=\"cu-wideimage relative flex items-center justify-center mx-auto px-8 overflow-hidden md:px-16 rounded-xl not-prose  my-6 md:my-12 first:mt-0 bg-opacity-50 bg-cover bg-cu-black-50 py-24 md:py-28 lg:py-36 xl:py-48\" style=\"background-image: url(https:\/\/carleton.ca\/mpnl\/wp-content\/uploads\/sites\/90\/2025\/10\/P_CarletonPhotography_StudentsOnCampus_030322-768x510.jpg); background-position: 35% 40%;\">\n\n                    <div class=\"absolute top-0 w-full h-screen\" style=\"background-color:rgba(0,0,0,0.630);\"><\/div>\n        \n        <div class=\"relative z-[2] max-w-4xl w-full flex flex-col items-center gap-2 cu-wideimage-image cu-zero-first-last\">\n            <header class=\"mx-auto mb-6 text-center text-white cu-pageheader cu-component-updated cu-pageheader--center md:mb-12\">\n\n                                    <h1 class=\"cu-prose-first-last font-semibold mb-2 text-3xl md:text-4xl lg:text-5xl lg:leading-[3.5rem] cu-pageheader--center text-center mx-auto after:left-px\">\n                        Research Team\n                    <\/h1>\n                \n                                    \n\n<p class=\"wp-block-paragraph\">Women in Philanthropy Research Initiative<\/p>\n\n\n                            <\/header>\n        <\/div>\n\n            <\/div>\n\n    \n\n    <\/div>\n<\/section>\n\n\n\n\n    \n<section class=\"w-screen px-6 cu-section cu-section--grey ml-offset-center md:px-8 lg:px-14\">\n    <div class=\"space-y-6 cu-max-w-child-5xl bg-cu-black-50 max-w-screen-2xl mx-auto rounded-xl px-6 py-5 md:px-14 md:py-12 md:space-y-10 cu-prose-first-last\">\n\n            <div class=\"cu-textmedia flex flex-col lg:flex-row mx-auto gap-6 md:gap-10 my-6 md:my-12 first:mt-0 max-w-5xl\">\n        <div class=\"justify-start cu-textmedia-content cu-prose-first-last\" style=\"flex: 0 0 60%;\">\n            <header class=\"font-light prose-xl cu-pageheader md:prose-2xl cu-component-updated cu-prose-first-last\">\n                                    <h2 class=\"cu-prose-first-last font-semibold !mt-2 mb-4 md:mb-6 relative after:absolute after:h-px after:bottom-0 after:bg-cu-red after:left-px text-2xl md:text-3xl lg:text-4xl lg:leading-[3rem] pb-4 after:w-8 text-cu-black-700 not-prose\">\n                        Lisa Trefzger Clarke, Ph.D. \n                    <\/h2>\n                \n                                \n                            <\/header>\n\n                            \n\n<p class=\"wp-block-paragraph\"><strong class=\"myprefix-text-bold\">Principal Investigator<\/strong><\/p>\n\n\n\n<p class=\"wp-block-paragraph\">Dr. Lisa Trefzger Clarke is an educator, scholar and social justice advocate living on the Treaty 20 and Williams Treaties\u2019 traditional lands of the Michi Saagiig Nishnaabeg. She\u2019s the daughter of a German immigrant and German-Jewish refugee, and identifies as queer and disabled. With over 20 years of experience in nonprofit work and leadership, she now researches the intersections of feminist care work, policy, legislation and frontline practice. Her scholarship includes intersectional feminism, adult and transformative learning, public education, feminist psychotherapy, and the voluntary sector. Lisa is a postdoctoral researcher in the MPNL program.  <\/p>\n\n\n\n<p class=\"wp-block-paragraph\">See Lisa&#8217;s <a href=\"https:\/\/carleton.ca\/mpnl\/people\/lisa-trefzger-clarke\/\">full bio.<\/a><\/p>\n\n\n\n\n\n\n\n\n                    <\/div>\n\n                    <div class=\"cu-textmedia-bgimg flex-1 rounded-xl bg-no-repeat bg-cover \" style=\"background-image: url(https:\/\/carleton.ca\/mpnl\/wp-content\/uploads\/sites\/90\/2025\/10\/IMG_5394-2-768x583.jpeg); background-position: 70% 25%; transform: scale(1);\"><\/div>\n            <\/div>\n\n    <\/div>\n<\/section>\n\n\n\n<section class=\"w-screen px-6 cu-section cu-section--white ml-offset-center md:px-8 lg:px-14\">\n    <div class=\"space-y-6 cu-max-w-child-5xl  md:space-y-10 cu-prose-first-last\">\n\n            <div class=\"cu-textmedia flex flex-col lg:flex-row-reverse mx-auto gap-6 md:gap-10 my-6 md:my-12 first:mt-0 max-w-5xl\">\n        <div class=\"justify-start cu-textmedia-content cu-prose-first-last\" style=\"flex: 0 0 60%;\">\n            <header class=\"font-light prose-xl cu-pageheader md:prose-2xl cu-component-updated cu-prose-first-last\">\n                                    <h2 class=\"cu-prose-first-last font-semibold !mt-2 mb-4 md:mb-6 relative after:absolute after:h-px after:bottom-0 after:bg-cu-red after:left-px text-2xl md:text-3xl lg:text-4xl lg:leading-[3rem] pb-4 after:w-8 text-cu-black-700 not-prose\">\n                        Susan Phillips, C.M., \nProfessor Emerita\n                    <\/h2>\n                \n                                \n                            <\/header>\n\n                            \n\n<p class=\"wp-block-paragraph\"><strong class=\"myprefix-text-bold\">Research Supervisor<\/strong><\/p>\n\n\n\n<p class=\"wp-block-paragraph\">Dr. Susan Phillips is&nbsp;Professor&nbsp;Emerita in the School of Public Policy and Administration and established Carleton&#8217;s&nbsp;Master of Philanthropy and Nonprofit Leadership program. <\/p>\n\n\n\n<p class=\"wp-block-paragraph\">Viewing philanthropy&nbsp;as&nbsp;an&nbsp;exercise of citizenship \u2013 how people engage in and with their communities&nbsp;\u2013 Susan\u2019s work considers how&nbsp;the nonprofit sector&nbsp;creates&nbsp;social&nbsp;change and the dynamic relationship between government and civil society.&nbsp;She co-authored the first international handbook on philanthropy for Routledge. Susan&#8217;s research now focuses on women&nbsp;in&nbsp;leadership roles within&nbsp;public and non-profit sectors.&nbsp;<\/p>\n\n\n\n<p class=\"wp-block-paragraph\">See Susan&#8217;s <a href=\"https:\/\/carleton.ca\/mpnl\/people\/susan-phillips\/\">full bio<\/a>. <\/p>\n\n\n                    <\/div>\n\n                    <div class=\"cu-textmedia-bgimg flex-1 rounded-xl bg-no-repeat bg-cover \" style=\"background-image: url(https:\/\/carleton.ca\/mpnl\/wp-content\/uploads\/sites\/90\/2025\/11\/Dr-Susan-Phillips-768x782.png); background-position: 39% 42%; transform: scale(1);\"><\/div>\n            <\/div>\n\n    <\/div>\n<\/section>\n\n\n    \n<section class=\"w-screen px-6 cu-section cu-section--grey ml-offset-center md:px-8 lg:px-14\">\n    <div class=\"space-y-6 cu-max-w-child-5xl bg-cu-black-50 max-w-screen-2xl mx-auto rounded-xl px-6 py-5 md:px-14 md:py-12 md:space-y-10 cu-prose-first-last\">\n\n            <div class=\"cu-textmedia flex flex-col lg:flex-row mx-auto gap-6 md:gap-10 my-6 md:my-12 first:mt-0 max-w-5xl\">\n        <div class=\"justify-start cu-textmedia-content cu-prose-first-last\" style=\"flex: 0 0 60%;\">\n            <header class=\"font-light prose-xl cu-pageheader md:prose-2xl cu-component-updated cu-prose-first-last\">\n                                    <h2 class=\"cu-prose-first-last font-semibold !mt-2 mb-4 md:mb-6 relative after:absolute after:h-px after:bottom-0 after:bg-cu-red after:left-px text-2xl md:text-3xl lg:text-4xl lg:leading-[3rem] pb-4 after:w-8 text-cu-black-700 not-prose\">\n                        Allison Norris, PhD Candidate\n                    <\/h2>\n                \n                                \n                            <\/header>\n\n                            \n\n<p class=\"wp-block-paragraph\"><strong class=\"myprefix-text-bold\">Research Associate <\/strong><\/p>\n\n\n\n<p class=\"wp-block-paragraph\">Allison Norris&nbsp;is&nbsp;a researcher and educator&nbsp;pursuing her PhD in Communication and Media Studies at Carleton University&nbsp;after working in the public service for 15 years. Allison\u2019s creative practice in&nbsp;film and theatre&nbsp;informs her teaching focus in media, gender, culture, intersectional feminisms,&nbsp;and&nbsp;activism. Allison\u2019s research includes media production and distribution, the Canadian food system, and policy analysis, with a&nbsp;focus&nbsp;on innovation and&nbsp;impacts&nbsp;by underrepresented groups, including women and 2SLGBTQ+ peoples.<\/p>\n\n\n                    <\/div>\n\n                    <div class=\"cu-textmedia-bgimg flex-1 rounded-xl bg-no-repeat bg-cover \" style=\"background-image: url(https:\/\/carleton.ca\/mpnl\/wp-content\/uploads\/sites\/90\/2025\/11\/Norris-Headshot-768x576.jpg); background-position: 58% 36%; transform: scale(1);\"><\/div>\n            <\/div>\n\n    <\/div>\n<\/section>\n\n\n\n<section class=\"w-screen px-6 cu-section cu-section--white ml-offset-center md:px-8 lg:px-14\">\n    <div class=\"space-y-6 cu-max-w-child-5xl  md:space-y-10 cu-prose-first-last\">\n\n            <div class=\"cu-textmedia flex flex-col lg:flex-row-reverse mx-auto gap-6 md:gap-10 my-6 md:my-12 first:mt-0 max-w-5xl\">\n        <div class=\"justify-start cu-textmedia-content cu-prose-first-last\" style=\"flex: 0 0 60%;\">\n            <header class=\"font-light prose-xl cu-pageheader md:prose-2xl cu-component-updated cu-prose-first-last\">\n                                    <h2 class=\"cu-prose-first-last font-semibold !mt-2 mb-4 md:mb-6 relative after:absolute after:h-px after:bottom-0 after:bg-cu-red after:left-px text-2xl md:text-3xl lg:text-4xl lg:leading-[3rem] pb-4 after:w-8 text-cu-black-700 not-prose\">\n                        Danielle Vaillancourt, \u00c9tudiante \u00e0 la ma\u00eetrise\/Master&#8217;s Student\n                    <\/h2>\n                \n                                \n                            <\/header>\n\n                            \n\n<p class=\"wp-block-paragraph\"><strong class=\"myprefix-text-bold\">Research Assistant \/ Assistante de recherche<\/strong><\/p>\n\n\n\n<p class=\"wp-block-paragraph\">Danielle Vaillancourt is a graduate student pursuing a Master of Philanthropy and Nonprofit Leadership at Carleton University. She holds bachelor&#8217;s and master&#8217;s degrees in music-opera from the Conservatoire de musique de Montr\u00e9al. A bilingual Franco-Ontarian mezzo-soprano, Danielle brings nearly 20 years of arts sector experience, including donor engagement and research mobilization roles with the Orchestre symphonique de Montr\u00e9al and M\u00e9c\u00e9nat Musica, along with board leadership in the cultural sector. Her studies focus on philanthropy in the arts, with a growing interest in women&#8217;s philanthropy in Francophone communities.<br>_________<\/p>\n\n\n\n<p class=\"wp-block-paragraph\">Danielle Vaillancourt est \u00e9tudiante \u00e0 la ma\u00eetrise en philanthropie et leadership des organismes sans but lucratif (MPNL) \u00e0 l&#8217;Universit\u00e9 Carleton. Elle est titulaire d&#8217;un baccalaur\u00e9at et d&#8217;une ma\u00eetrise en musique du Conservatoire de musique de Montr\u00e9al. Mezzo-soprano franco-ontarienne bilingue, Danielle cumule pr\u00e8s de 20 ans d&#8217;exp\u00e9rience dans le secteur des arts, notamment en engagement des donateurs et en mobilisation de la recherche aupr\u00e8s de l&#8217;Orchestre symphonique de Montr\u00e9al et de M\u00e9c\u00e9nat Musica, en plus d&#8217;avoir si\u00e9g\u00e9 \u00e0 des conseils d&#8217;administration dans le milieu culturel. Ses \u00e9tudes portent sur la philanthropie dans les arts, avec un int\u00e9r\u00eat croissant pour la philanthropie des femmes au sein des communaut\u00e9s francophones.<\/p>\n\n\n                    <\/div>\n\n                    <div class=\"cu-textmedia-bgimg flex-1 rounded-xl bg-no-repeat bg-cover \" style=\"background-image: url(https:\/\/carleton.ca\/mpnl\/wp-content\/uploads\/sites\/90\/2026\/07\/Danielle-Vaillancourt-Photo-768x1150.jpg); background-position: 52% 31%; transform: scale(1);\"><\/div>\n            <\/div>\n\n    <\/div>\n<\/section>\n\n\n    \n<section class=\"w-screen px-6 cu-section cu-section--grey ml-offset-center md:px-8 lg:px-14\">\n    <div class=\"space-y-6 cu-max-w-child-5xl bg-cu-black-50 max-w-screen-2xl mx-auto rounded-xl px-6 py-5 md:px-14 md:py-12 md:space-y-10 cu-prose-first-last\">\n\n            <div class=\"cu-textmedia flex flex-col lg:flex-row mx-auto gap-6 md:gap-10 my-6 md:my-12 first:mt-0 max-w-5xl\">\n        <div class=\"justify-start cu-textmedia-content cu-prose-first-last\" style=\"flex: 0 0 60%;\">\n            <header class=\"font-light prose-xl cu-pageheader md:prose-2xl cu-component-updated cu-prose-first-last\">\n                                    <h2 class=\"cu-prose-first-last font-semibold !mt-2 mb-4 md:mb-6 relative after:absolute after:h-px after:bottom-0 after:bg-cu-red after:left-px text-2xl md:text-3xl lg:text-4xl lg:leading-[3rem] pb-4 after:w-8 text-cu-black-700 not-prose\">\n                        Roslyn Bern\n                    <\/h2>\n                \n                                \n                            <\/header>\n\n                            \n\n<p class=\"wp-block-paragraph\"><strong class=\"myprefix-text-bold\">Supporter<\/strong><\/p>\n\n\n\n<p class=\"wp-block-paragraph\">Roslyn Bern is an educator,&nbsp;businesswoman, philanthropist, and president of the&nbsp;Leacross&nbsp;Foundation. She is committed to creating opportunities for women and girls, particularly in education and STEM fields. She has received honorary degrees, awards, and sits on several boards for organizations aimed at empowering women and girls. Roslyn has been longtime supporter of Carleton students and the Women in Philanthropy project is supported by Roslyn and the <a href=\"https:\/\/leacrossfoundation.ca\/\" target=\"_blank\" rel=\"noreferrer noopener\">Leacross Foundation<\/a>.&nbsp;&nbsp;&nbsp;<\/p>\n\n\n                    <\/div>\n\n                    <div class=\"cu-textmedia-bgimg flex-1 rounded-xl bg-no-repeat bg-cover \" style=\"background-image: url(https:\/\/carleton.ca\/mpnl\/wp-content\/uploads\/sites\/90\/2025\/11\/Rosyln-Bern-768x768.png); background-position: 50% 50%; transform: scale(1);\"><\/div>\n            <\/div>\n\n    <\/div>\n<\/section>\n\n\n\n\n\n<h2 id=\"former-team-members\" class=\"wp-block-heading\"><br>Former Team Members<\/h2>\n\n\n\n<section class=\"w-screen px-6 cu-section cu-section--white ml-offset-center md:px-8 lg:px-14\">\n    <div class=\"space-y-6 cu-max-w-child-5xl  md:space-y-10 cu-prose-first-last\">\n\n            <div class=\"cu-textmedia flex flex-col lg:flex-row-reverse mx-auto gap-6 md:gap-10 my-6 md:my-12 first:mt-0 max-w-5xl\">\n        <div class=\"justify-start cu-textmedia-content cu-prose-first-last\" style=\"flex: 0 0 60%;\">\n            <header class=\"font-light prose-xl cu-pageheader md:prose-2xl cu-component-updated cu-prose-first-last\">\n                                    <h2 class=\"cu-prose-first-last font-semibold !mt-2 mb-4 md:mb-6 relative after:absolute after:h-px after:bottom-0 after:bg-cu-red after:left-px text-2xl md:text-3xl lg:text-4xl lg:leading-[3rem] pb-4 after:w-8 text-cu-black-700 not-prose\">\n                        Nada Jama, M.A.\n                    <\/h2>\n                \n                                \n                            <\/header>\n\n                            \n\n<p class=\"wp-block-paragraph\"><strong class=\"myprefix-text-bold\">Research Assistant<\/strong><\/p>\n\n\n\n<p class=\"wp-block-paragraph\">Nada Jama graduated with a Master of Public Policy and Administration with a Data Science specialization from Carleton University.&nbsp;She&nbsp;also holds an undergraduate degree in Health Sciences from the University of Ottawa.&nbsp;Nada held&nbsp;previous&nbsp;posts&nbsp;in data analysis, student&nbsp;research,&nbsp;and&nbsp;as a Co-Chair of the uOttawa Relay for Life Committee.&nbsp;Now her studies focused on policy innovation and governance, as well as exploring how data can inform&nbsp;decision-making.&nbsp;&nbsp;<\/p>\n\n\n                    <\/div>\n\n                    <div class=\"cu-textmedia-bgimg flex-1 rounded-xl bg-no-repeat bg-cover \" style=\"background-image: url(https:\/\/carleton.ca\/mpnl\/wp-content\/uploads\/sites\/90\/2025\/11\/Nada-Jama-768x1075.png); background-position: 52% 23%; transform: scale(1);\"><\/div>\n            <\/div>\n\n    <\/div>\n<\/section>\n","protected":false},"excerpt":{"rendered":"<p>Former Team Members<\/p>\n","protected":false},"author":346,"featured_media":0,"parent":5558,"menu_order":0,"comment_status":"closed","ping_status":"closed","template":"","meta":{"_acf_changed":false,"_cu_dining_location_slug":"","footnotes":"","_links_to":"","_links_to_target":""},"cu_page_type":[1268],"class_list":["post-5571","page","type-page","status-publish","hentry","cu_page_type-wip"],"acf":{"cu_post_thumbnail":""},"_links":{"self":[{"href":"https:\/\/carleton.ca\/mpnl\/wp-json\/wp\/v2\/pages\/5571","targetHints":{"allow":["GET"]}}],"collection":[{"href":"https:\/\/carleton.ca\/mpnl\/wp-json\/wp\/v2\/pages"}],"about":[{"href":"https:\/\/carleton.ca\/mpnl\/wp-json\/wp\/v2\/types\/page"}],"author":[{"embeddable":true,"href":"https:\/\/carleton.ca\/mpnl\/wp-json\/wp\/v2\/users\/346"}],"replies":[{"embeddable":true,"href":"https:\/\/carleton.ca\/mpnl\/wp-json\/wp\/v2\/comments?post=5571"}],"version-history":[{"count":6,"href":"https:\/\/carleton.ca\/mpnl\/wp-json\/wp\/v2\/pages\/5571\/revisions"}],"predecessor-version":[{"id":6411,"href":"https:\/\/carleton.ca\/mpnl\/wp-json\/wp\/v2\/pages\/5571\/revisions\/6411"}],"up":[{"embeddable":true,"href":"https:\/\/carleton.ca\/mpnl\/wp-json\/wp\/v2\/pages\/5558"}],"wp:attachment":[{"href":"https:\/\/carleton.ca\/mpnl\/wp-json\/wp\/v2\/media?parent=5571"}],"wp:term":[{"taxonomy":"cu_page_type","embeddable":true,"href":"https:\/\/carleton.ca\/mpnl\/wp-json\/wp\/v2\/cu_page_type?post=5571"}],"curies":[{"name":"wp","href":"https:\/\/api.w.org\/{rel}","templated":true}]}}