{"id":357,"date":"2011-09-08T14:18:19","date_gmt":"2011-09-08T18:18:19","guid":{"rendered":"http:\/\/carleton.ca\/politicalmanagement\/?page_id=357"},"modified":"2026-04-17T15:13:35","modified_gmt":"2026-04-17T19:13:35","slug":"news","status":"publish","type":"page","link":"https:\/\/carleton.ca\/politicalmanagement\/news\/","title":{"rendered":"News"},"content":{"rendered":"\n<section class=\"w-screen px-6 cu-section cu-section--white ml-offset-center md:px-8 lg:px-14\">\n    <div class=\"space-y-6 cu-max-w-child-max  md:space-y-10 cu-prose-first-last\">\n\n        \n                    \n                    \n            \n    <div class=\"cu-wideimage relative flex items-center justify-center mx-auto px-8 overflow-hidden md:px-16 rounded-xl not-prose  my-6 md:my-12 first:mt-0 bg-opacity-50 bg-cover bg-cu-black-50 py-24 md:py-28 lg:py-36 xl:py-48\" style=\"background-image: url(https:\/\/carleton.ca\/politicalmanagement\/wp-content\/uploads\/sites\/233\/NewsBanner-768x336.jpg); background-position: 50% 50%;\">\n\n                    <div class=\"absolute top-0 w-full h-screen\" style=\"background-color:rgba(0,0,0,0.600);\"><\/div>\n        \n        <div class=\"relative z-[2] max-w-4xl w-full flex flex-col items-center gap-2 cu-wideimage-image cu-zero-first-last\">\n            <header class=\"mx-auto mb-6 text-center text-white cu-pageheader cu-component-updated cu-pageheader--center md:mb-12\">\n\n                                    <h1 class=\"cu-prose-first-last font-semibold mb-2 text-3xl md:text-4xl lg:text-5xl lg:leading-[3.5rem] cu-pageheader--center text-center mx-auto after:left-px\">\n                        News\n                    <\/h1>\n                \n                            <\/header>\n        <\/div>\n\n            <\/div>\n\n    \n\n    <\/div>\n<\/section>\n\n\n\n    \n\n\n                                                                                                                                                                                                                                                                                                                                                                                    \n\n\n\n<section class=\"w-screen px-6 cu-section cu-section--white cu-section--cards ml-offset-center md:px-8 lg:px-14\" data-attributes=\"&#x7B;&quot;numberOfPosts&quot;&#x3A;12,&quot;moreButton&quot;&#x3A;&quot;loadmore&quot;,&quot;blockType&quot;&#x3A;&quot;cards&quot;,&quot;contentType&quot;&#x3A;&quot;post&quot;,&quot;currentPage&quot;&#x3A;1,&quot;blockBackground&quot;&#x3A;&quot;white&quot;,&quot;numberOfColumns&quot;&#x3A;3,&quot;showImages&quot;&#x3A;true,&quot;showDates&quot;&#x3A;true,&quot;showTimeToRead&quot;&#x3A;true,&quot;showExcerpts&quot;&#x3A;true,&quot;showFilter&quot;&#x3A;false,&quot;taxName&quot;&#x3A;&quot;category&quot;,&quot;categories&quot;&#x3A;&quot;1&quot;,&quot;tags&quot;&#x3A;&quot;&quot;&#x7D;\" data-page=\"2\">\n    <div class=\"space-y-6 cu-max-w-child-5xl  md:space-y-10 cu-prose-first-last\">\n\n                \n                \n        <div class=\"cu-loading hidden text-center mx-auto h-6 w-6 animate-spin rounded-full border-4 border-solid border-current border-r-transparent align-[-0.125em] motion-reduce:animate-[spin_1.5s_linear_infinite]\" role=\"status\">\n    <span class=\"!absolute !-m-px !h-px !w-px !overflow-hidden !whitespace-nowrap !border-0 !p-0 ![clip:rect(0,0,0,0)]\">\n        Loading&#8230;\n    <\/span>\n<\/div>\n\n                                        \n        <p class=\"cu-no-posts hidden\">\n            No\n            category\n\n            posts are available.\n        <\/p>\n\n                <div class=\"cu-column cu-component not-contained mx-auto grid max-w-5xl md:grid-cols-3 gap-6 md:gap-10\">\n                        \n                    \n\n<div class=\"not-prose cu-card rounded-lg @container md:max-w-xl flex flex-col gap-3 bg-white shadow-lg shadow-cu-black-100 group duration-300 ease-in hover:scale-[1.02] hover:shadow-cu-black-200\">\n\n            <figure class=\"mb-2 overflow-hidden rounded-t-lg\">\n            <img loading=\"lazy\" decoding=\"async\" src=\"https:\/\/carleton.ca\/politicalmanagement\/wp-content\/uploads\/sites\/233\/GPA-Photoshoot-600x400.jpg\" alt=\"\" width=\"600\" height=\"400\" \/>\n        <\/figure>\n    \n    \n        <header class=\"flex flex-col gap-3  px-6 first:mt-6\">\n        <div class=\"flex flex-row w-full gap-1\">\n                        <time datetime=\"2026-04-12T20:00:00-04:00\" class=\"block italic text-sm text-cu-black-600\">\n        April 13, 2026\n    <\/time>\n\n                    <\/div>        \n        \n    \n    <h2 class=\"line-clamp-3 text-lg font-semibold text-cu-black @sm:md:text-xl leading-6 @sm:md:leading-8\">\n        Global Public Affairs and the MPM Program: Building Bridges Between Academic Training and Industry Practice\n    <\/h2>\n\n            <\/header>\n\n\n            <div class=\"flex flex-col px-6 dark:text-white\">\n            <p class=\"text-base text-cu-black-700 dark:text-white \">\n                As a leading government relations and strategic communications firm&nbsp;in Canada,&nbsp;Global Public Affairs&nbsp;helps organizations navigate complex public policy landscapes with confidence. Global provides strategic counsel on\n                                    &#8230;\n                            <\/p>\n        <\/div>\n    \n    <footer class=\"px-6 pt-3 mt-auto md:pt-5\">\n        <a href=\"https:\/\/carleton.ca\/politicalmanagement\/2026\/global-public-affairs-and-the-mpm-program-building-bridges-between-academic-training-and-industry-practice\/\" class=\"cu-button cu-button--red cu-button--small\">\n            Read news\n            <span class=\"sr-only\">\n                post\n                Global Public Affairs and the MPM Program: Building Bridges Between Academic Training and Industry Practice\n            <\/span>\n        <\/a>\n    <\/footer>\n<\/div>\n\n            \n                    \n\n<div class=\"not-prose cu-card rounded-lg @container md:max-w-xl flex flex-col gap-3 bg-white shadow-lg shadow-cu-black-100 group duration-300 ease-in hover:scale-[1.02] hover:shadow-cu-black-200\">\n\n            <figure class=\"mb-2 overflow-hidden rounded-t-lg\">\n            <img loading=\"lazy\" decoding=\"async\" src=\"https:\/\/carleton.ca\/politicalmanagement\/wp-content\/uploads\/sites\/233\/Riddel-Reception-Thumbnail-600x400.jpg\" alt=\"\" width=\"600\" height=\"400\" \/>\n        <\/figure>\n    \n    \n        <header class=\"flex flex-col gap-3  px-6 first:mt-6\">\n        <div class=\"flex flex-row w-full gap-1\">\n                        <time datetime=\"2026-03-31T20:00:00-04:00\" class=\"block italic text-sm text-cu-black-600\">\n        April 1, 2026\n    <\/time>\n\n                    <\/div>        \n        \n    \n    <h2 class=\"line-clamp-3 text-lg font-semibold text-cu-black @sm:md:text-xl leading-6 @sm:md:leading-8\">\n        From Behind the Scenes to Public Office\n    <\/h2>\n\n            <\/header>\n\n\n            <div class=\"flex flex-col px-6 dark:text-white\">\n            <p class=\"text-base text-cu-black-700 dark:text-white \">\n                Lots of political staffers think about it, but what is it really like to move from being the advisor\/aide to being the candidate for office?\n                                    &#8230;\n                            <\/p>\n        <\/div>\n    \n    <footer class=\"px-6 pt-3 mt-auto md:pt-5\">\n        <a href=\"https:\/\/carleton.ca\/politicalmanagement\/2026\/from-behind-the-scenes-to-public-office\/\" class=\"cu-button cu-button--red cu-button--small\">\n            Read news\n            <span class=\"sr-only\">\n                post\n                From Behind the Scenes to Public Office\n            <\/span>\n        <\/a>\n    <\/footer>\n<\/div>\n\n            \n                    \n\n<div class=\"not-prose cu-card rounded-lg @container md:max-w-xl flex flex-col gap-3 bg-white shadow-lg shadow-cu-black-100 group duration-300 ease-in hover:scale-[1.02] hover:shadow-cu-black-200\">\n\n            <figure class=\"mb-2 overflow-hidden rounded-t-lg\">\n            <img loading=\"lazy\" decoding=\"async\" src=\"https:\/\/carleton.ca\/politicalmanagement\/wp-content\/uploads\/sites\/233\/Venus-Ramos_RESIZED-600x400.jpg\" alt=\"\" width=\"600\" height=\"400\" \/>\n        <\/figure>\n    \n    \n        <header class=\"flex flex-col gap-3  px-6 first:mt-6\">\n        <div class=\"flex flex-row w-full gap-1\">\n                        <time datetime=\"2026-03-15T20:00:00-04:00\" class=\"block italic text-sm text-cu-black-600\">\n        March 16, 2026\n    <\/time>\n\n                    <\/div>        \n        \n    \n    <h2 class=\"line-clamp-3 text-lg font-semibold text-cu-black @sm:md:text-xl leading-6 @sm:md:leading-8\">\n        Recognizing Excellence: Venus Ramos Awarded Two Graduate Awards\n    <\/h2>\n\n            <\/header>\n\n\n            <div class=\"flex flex-col px-6 dark:text-white\">\n            <p class=\"text-base text-cu-black-700 dark:text-white \">\n                The Master of Political Management program is delighted to congratulate Venus Ramos, one of our outstanding graduate students, on receiving two graduate awards in recognition\n                                    &#8230;\n                            <\/p>\n        <\/div>\n    \n    <footer class=\"px-6 pt-3 mt-auto md:pt-5\">\n        <a href=\"https:\/\/carleton.ca\/politicalmanagement\/2026\/recognizing-excellence-venus-ramos-awarded-two-graduate-awards\/\" class=\"cu-button cu-button--red cu-button--small\">\n            Read news\n            <span class=\"sr-only\">\n                post\n                Recognizing Excellence: Venus Ramos Awarded Two Graduate Awards\n            <\/span>\n        <\/a>\n    <\/footer>\n<\/div>\n\n            \n                    \n\n<div class=\"not-prose cu-card rounded-lg @container md:max-w-xl flex flex-col gap-3 bg-white shadow-lg shadow-cu-black-100 group duration-300 ease-in hover:scale-[1.02] hover:shadow-cu-black-200\">\n\n            <figure class=\"mb-2 overflow-hidden rounded-t-lg\">\n            <img loading=\"lazy\" decoding=\"async\" src=\"https:\/\/carleton.ca\/politicalmanagement\/wp-content\/uploads\/sites\/233\/As-It-Happens_logo-2-300x400.png\" alt=\"\" width=\"600\" height=\"400\" \/>\n        <\/figure>\n    \n    \n        <header class=\"flex flex-col gap-3  px-6 first:mt-6\">\n        <div class=\"flex flex-row w-full gap-1\">\n                        <time datetime=\"2026-01-25T19:00:00-05:00\" class=\"block italic text-sm text-cu-black-600\">\n        January 26, 2026\n    <\/time>\n\n                    <\/div>        \n        \n    \n    <h2 class=\"line-clamp-3 text-lg font-semibold text-cu-black @sm:md:text-xl leading-6 @sm:md:leading-8\">\n        Professor Armstrong Weighs in on Davos\n    <\/h2>\n\n            <\/header>\n\n\n            <div class=\"flex flex-col px-6 dark:text-white\">\n            <p class=\"text-base text-cu-black-700 dark:text-white \">\n                MPM Professor and former Trudeau speechwriter, Jeni Armstrong, shares her expert insights on Mark Carney\u2019s recent address in Davos on As It Happens. With her\n                                    &#8230;\n                            <\/p>\n        <\/div>\n    \n    <footer class=\"px-6 pt-3 mt-auto md:pt-5\">\n        <a href=\"https:\/\/carleton.ca\/politicalmanagement\/2026\/professor-armstrong-weighs-in-on-davos\/\" class=\"cu-button cu-button--red cu-button--small\">\n            Read news\n            <span class=\"sr-only\">\n                post\n                Professor Armstrong Weighs in on Davos\n            <\/span>\n        <\/a>\n    <\/footer>\n<\/div>\n\n            \n                    \n\n<div class=\"not-prose cu-card rounded-lg @container md:max-w-xl flex flex-col gap-3 bg-white shadow-lg shadow-cu-black-100 group duration-300 ease-in hover:scale-[1.02] hover:shadow-cu-black-200\">\n\n            <figure class=\"mb-2 overflow-hidden rounded-t-lg\">\n            <img loading=\"lazy\" decoding=\"async\" src=\"https:\/\/carleton.ca\/politicalmanagement\/wp-content\/uploads\/sites\/233\/Jennifer-Howard-high-res-400x400.jpg\" alt=\"photo of jennifer howard\" width=\"600\" height=\"400\" \/>\n        <\/figure>\n    \n    \n        <header class=\"flex flex-col gap-3  px-6 first:mt-6\">\n        <div class=\"flex flex-row w-full gap-1\">\n                        <time datetime=\"2026-01-05T19:00:00-05:00\" class=\"block italic text-sm text-cu-black-600\">\n        January 6, 2026\n    <\/time>\n\n                    <\/div>        \n        \n    \n    <h2 class=\"line-clamp-3 text-lg font-semibold text-cu-black @sm:md:text-xl leading-6 @sm:md:leading-8\">\n        Meet Jennifer Howard, Newly Appointed Program Fellow\n    <\/h2>\n\n            <\/header>\n\n\n            <div class=\"flex flex-col px-6 dark:text-white\">\n            <p class=\"text-base text-cu-black-700 dark:text-white \">\n                We are thrilled to ring in the New Year by welcoming Jennifer Howard as our newly appointed MPM Program Fellow! Jennifer brings over two decades\n                                    &#8230;\n                            <\/p>\n        <\/div>\n    \n    <footer class=\"px-6 pt-3 mt-auto md:pt-5\">\n        <a href=\"https:\/\/carleton.ca\/politicalmanagement\/2026\/meet-jennifer-howard-newly-appointed-program-fellow\/\" class=\"cu-button cu-button--red cu-button--small\">\n            Read news\n            <span class=\"sr-only\">\n                post\n                Meet Jennifer Howard, Newly Appointed Program Fellow\n            <\/span>\n        <\/a>\n    <\/footer>\n<\/div>\n\n            \n                    \n\n<div class=\"not-prose cu-card rounded-lg @container md:max-w-xl flex flex-col gap-3 bg-white shadow-lg shadow-cu-black-100 group duration-300 ease-in hover:scale-[1.02] hover:shadow-cu-black-200\">\n\n            <figure class=\"mb-2 overflow-hidden rounded-t-lg\">\n            <img loading=\"lazy\" decoding=\"async\" src=\"https:\/\/carleton.ca\/politicalmanagement\/wp-content\/uploads\/sites\/233\/SWAC.jpg\" alt=\"\" width=\"600\" height=\"400\" \/>\n        <\/figure>\n    \n    \n        <header class=\"flex flex-col gap-3  px-6 first:mt-6\">\n        <div class=\"flex flex-row w-full gap-1\">\n                        <time datetime=\"2025-11-23T19:00:00-05:00\" class=\"block italic text-sm text-cu-black-600\">\n        November 24, 2025\n    <\/time>\n\n                    <\/div>        \n        \n    \n    <h2 class=\"line-clamp-3 text-lg font-semibold text-cu-black @sm:md:text-xl leading-6 @sm:md:leading-8\">\n        MPM Alumna, Doris Mah, Accepts Burnaby\u2019s Apology for Historic Discrimination Against Chinese Canadians\u00a0\n    <\/h2>\n\n            <\/header>\n\n\n            <div class=\"flex flex-col px-6 dark:text-white\">\n            <p class=\"text-base text-cu-black-700 dark:text-white \">\n                Stand With Asians Coalition (SWAC) Announces Co-Founder Doris Mah Accepts Burnaby\u2019s Apology for Historic Discrimination Against Chinese Canadians &nbsp; Stand With Asians Coalition (SWAC) co-founder,\n                                    &#8230;\n                            <\/p>\n        <\/div>\n    \n    <footer class=\"px-6 pt-3 mt-auto md:pt-5\">\n        <a href=\"https:\/\/carleton.ca\/politicalmanagement\/2025\/mpm-alumna-doris-mah-accepts-burnabys-apology-for-historic-discrimination-against-chinese-canadians\/\" class=\"cu-button cu-button--red cu-button--small\">\n            Read news\n            <span class=\"sr-only\">\n                post\n                MPM Alumna, Doris Mah, Accepts Burnaby\u2019s Apology for Historic Discrimination Against Chinese Canadians\u00a0\n            <\/span>\n        <\/a>\n    <\/footer>\n<\/div>\n\n            \n                    \n\n<div class=\"not-prose cu-card rounded-lg @container md:max-w-xl flex flex-col gap-3 bg-white shadow-lg shadow-cu-black-100 group duration-300 ease-in hover:scale-[1.02] hover:shadow-cu-black-200\">\n\n            <figure class=\"mb-2 overflow-hidden rounded-t-lg\">\n            <img loading=\"lazy\" decoding=\"async\" src=\"https:\/\/carleton.ca\/politicalmanagement\/wp-content\/uploads\/sites\/233\/Hunter-Doubt_RESIZED.jpg\" alt=\"\" width=\"600\" height=\"400\" \/>\n        <\/figure>\n    \n    \n        <header class=\"flex flex-col gap-3  px-6 first:mt-6\">\n        <div class=\"flex flex-row w-full gap-1\">\n                        <time datetime=\"2025-11-10T19:00:00-05:00\" class=\"block italic text-sm text-cu-black-600\">\n        November 11, 2025\n    <\/time>\n\n                    <\/div>        \n        \n    \n    <h2 class=\"line-clamp-3 text-lg font-semibold text-cu-black @sm:md:text-xl leading-6 @sm:md:leading-8\">\n        MPM \u201816 graduate, Hunter Doubt, takes the helm on Canadian GR &#038; Public Policy for Canada\u2019s leading AI firm Cohere\n    <\/h2>\n\n            <\/header>\n\n\n            <div class=\"flex flex-col px-6 dark:text-white\">\n            <p class=\"text-base text-cu-black-700 dark:text-white \">\n                When the Government of Canada signed an MOU with Canadian multinational AI company Cohere Inc. in mid-August, news of the agreement sparked a wave of\n                                    &#8230;\n                            <\/p>\n        <\/div>\n    \n    <footer class=\"px-6 pt-3 mt-auto md:pt-5\">\n        <a href=\"https:\/\/carleton.ca\/politicalmanagement\/2025\/mpm-16-graduate-hunter-doubt-takes-the-helm-on-canadian-gr-public-policy-for-canadas-leading-ai-firm-cohere\/\" class=\"cu-button cu-button--red cu-button--small\">\n            Read news\n            <span class=\"sr-only\">\n                post\n                MPM \u201816 graduate, Hunter Doubt, takes the helm on Canadian GR &#038; Public Policy for Canada\u2019s leading AI firm Cohere\n            <\/span>\n        <\/a>\n    <\/footer>\n<\/div>\n\n            \n                    \n\n<div class=\"not-prose cu-card rounded-lg @container md:max-w-xl flex flex-col gap-3 bg-white shadow-lg shadow-cu-black-100 group duration-300 ease-in hover:scale-[1.02] hover:shadow-cu-black-200\">\n\n            <figure class=\"mb-2 overflow-hidden rounded-t-lg\">\n            <img loading=\"lazy\" decoding=\"async\" src=\"https:\/\/carleton.ca\/politicalmanagement\/wp-content\/uploads\/sites\/233\/Statecraft-400x400.jpg\" alt=\"\" width=\"600\" height=\"400\" \/>\n        <\/figure>\n    \n    \n        <header class=\"flex flex-col gap-3  px-6 first:mt-6\">\n        <div class=\"flex flex-row w-full gap-1\">\n                        <time datetime=\"2025-10-13T20:00:00-04:00\" class=\"block italic text-sm text-cu-black-600\">\n        October 14, 2025\n    <\/time>\n\n                    <\/div>        \n        \n    \n    <h2 class=\"line-clamp-3 text-lg font-semibold text-cu-black @sm:md:text-xl leading-6 @sm:md:leading-8\">\n        Statecraft: Canadian Prime Ministers and Their Cabinets\n    <\/h2>\n\n            <\/header>\n\n\n            <div class=\"flex flex-col px-6 dark:text-white\">\n            <p class=\"text-base text-cu-black-700 dark:text-white \">\n                We are thrilled to share the launch of Statecraft, co-edited by Stephen Azzi, a core faculty member in Carleton\u2019s Master of Political Management (MPM) program,\n                                    &#8230;\n                            <\/p>\n        <\/div>\n    \n    <footer class=\"px-6 pt-3 mt-auto md:pt-5\">\n        <a href=\"https:\/\/carleton.ca\/politicalmanagement\/2025\/statecraft-canadian-prime-ministers-and-their-cabinets\/\" class=\"cu-button cu-button--red cu-button--small\">\n            Read news\n            <span class=\"sr-only\">\n                post\n                Statecraft: Canadian Prime Ministers and Their Cabinets\n            <\/span>\n        <\/a>\n    <\/footer>\n<\/div>\n\n            \n                    \n\n<div class=\"not-prose cu-card rounded-lg @container md:max-w-xl flex flex-col gap-3 bg-white shadow-lg shadow-cu-black-100 group duration-300 ease-in hover:scale-[1.02] hover:shadow-cu-black-200\">\n\n            <figure class=\"mb-2 overflow-hidden rounded-t-lg\">\n            <img loading=\"lazy\" decoding=\"async\" src=\"https:\/\/carleton.ca\/politicalmanagement\/wp-content\/uploads\/sites\/233\/Savannah-DeWolfe-1-600x397.jpg\" alt=\"\" width=\"600\" height=\"400\" \/>\n        <\/figure>\n    \n    \n        <header class=\"flex flex-col gap-3  px-6 first:mt-6\">\n        <div class=\"flex flex-row w-full gap-1\">\n                        <time datetime=\"2025-09-24T20:00:00-04:00\" class=\"block italic text-sm text-cu-black-600\">\n        September 25, 2025\n    <\/time>\n\n                    <\/div>        \n        \n    \n    <h2 class=\"line-clamp-3 text-lg font-semibold text-cu-black @sm:md:text-xl leading-6 @sm:md:leading-8\">\n        Hill-Tested and MPM-Trained: Savannah DeWolfe\u2019s Insider Story on Leadership at the Heart of Parliament\n    <\/h2>\n\n            <\/header>\n\n\n            <div class=\"flex flex-col px-6 dark:text-white\">\n            <p class=\"text-base text-cu-black-700 dark:text-white \">\n                Savannah DeWolfe, a distinguished graduate of the Master of Political Management (MPM) program, shares insights into the demanding realities of serving as a cabinet chief\n                                    &#8230;\n                            <\/p>\n        <\/div>\n    \n    <footer class=\"px-6 pt-3 mt-auto md:pt-5\">\n        <a href=\"https:\/\/carleton.ca\/politicalmanagement\/2025\/hill-tested-and-mpm-trained-savannah-dewolfes-insider-story-on-leadership-at-the-heart-of-parliament\/\" class=\"cu-button cu-button--red cu-button--small\">\n            Read news\n            <span class=\"sr-only\">\n                post\n                Hill-Tested and MPM-Trained: Savannah DeWolfe\u2019s Insider Story on Leadership at the Heart of Parliament\n            <\/span>\n        <\/a>\n    <\/footer>\n<\/div>\n\n            \n                    \n\n<div class=\"not-prose cu-card rounded-lg @container md:max-w-xl flex flex-col gap-3 bg-white shadow-lg shadow-cu-black-100 group duration-300 ease-in hover:scale-[1.02] hover:shadow-cu-black-200\">\n\n            <figure class=\"mb-2 overflow-hidden rounded-t-lg\">\n            <img loading=\"lazy\" decoding=\"async\" src=\"https:\/\/carleton.ca\/politicalmanagement\/wp-content\/uploads\/sites\/233\/book-launch.png\" alt=\"\" width=\"600\" height=\"400\" \/>\n        <\/figure>\n    \n    \n        <header class=\"flex flex-col gap-3  px-6 first:mt-6\">\n        <div class=\"flex flex-row w-full gap-1\">\n                        <time datetime=\"2025-09-21T20:00:00-04:00\" class=\"block italic text-sm text-cu-black-600\">\n        September 22, 2025\n    <\/time>\n\n                    <\/div>        \n        \n    \n    <h2 class=\"line-clamp-3 text-lg font-semibold text-cu-black @sm:md:text-xl leading-6 @sm:md:leading-8\">\n        Political Book Launch Announcements\n    <\/h2>\n\n            <\/header>\n\n\n            <div class=\"flex flex-col px-6 dark:text-white\">\n            <p class=\"text-base text-cu-black-700 dark:text-white \">\n                Politique inc. La d\u00e9mocratie et les m\u00e9dias \u00e0 l&#8217;\u00e8re du marketing by MPM Program Fellow \u00c9milie Foster,&nbsp;examines the impact of political marketing on today\u2019s democratic\n                                    &#8230;\n                            <\/p>\n        <\/div>\n    \n    <footer class=\"px-6 pt-3 mt-auto md:pt-5\">\n        <a href=\"https:\/\/carleton.ca\/politicalmanagement\/2025\/political-book-launch-announcements\/\" class=\"cu-button cu-button--red cu-button--small\">\n            Read news\n            <span class=\"sr-only\">\n                post\n                Political Book Launch Announcements\n            <\/span>\n        <\/a>\n    <\/footer>\n<\/div>\n\n            \n                    \n\n<div class=\"not-prose cu-card rounded-lg @container md:max-w-xl flex flex-col gap-3 bg-white shadow-lg shadow-cu-black-100 group duration-300 ease-in hover:scale-[1.02] hover:shadow-cu-black-200\">\n\n            <figure class=\"mb-2 overflow-hidden rounded-t-lg\">\n            <img loading=\"lazy\" decoding=\"async\" src=\"https:\/\/carleton.ca\/politicalmanagement\/wp-content\/uploads\/sites\/233\/MarciSurkesLinked-2.jpg\" alt=\"photo of marci surkes\" width=\"600\" height=\"400\" \/>\n        <\/figure>\n    \n    \n        <header class=\"flex flex-col gap-3  px-6 first:mt-6\">\n        <div class=\"flex flex-row w-full gap-1\">\n                        <time datetime=\"2025-09-17T20:00:00-04:00\" class=\"block italic text-sm text-cu-black-600\">\n        September 18, 2025\n    <\/time>\n\n                    <\/div>        \n        \n    \n    <h2 class=\"line-clamp-3 text-lg font-semibold text-cu-black @sm:md:text-xl leading-6 @sm:md:leading-8\">\n        Life Lessons for Staffers at the Start of a New Sitting\n    <\/h2>\n\n            <\/header>\n\n\n            <div class=\"flex flex-col px-6 dark:text-white\">\n            <p class=\"text-base text-cu-black-700 dark:text-white \">\n                The&nbsp;Hill Times article \u201cLife lessons for staffers at the start of a new sitting\u201d by Marci Surkes, Program Fellow for the MPM program, offers practical\n                                    &#8230;\n                            <\/p>\n        <\/div>\n    \n    <footer class=\"px-6 pt-3 mt-auto md:pt-5\">\n        <a href=\"https:\/\/carleton.ca\/politicalmanagement\/2025\/life-lessons-for-staffers-at-the-start-of-a-new-sitting\/\" class=\"cu-button cu-button--red cu-button--small\">\n            Read news\n            <span class=\"sr-only\">\n                post\n                Life Lessons for Staffers at the Start of a New Sitting\n            <\/span>\n        <\/a>\n    <\/footer>\n<\/div>\n\n            \n                    \n\n<div class=\"not-prose cu-card rounded-lg @container md:max-w-xl flex flex-col gap-3 bg-white shadow-lg shadow-cu-black-100 group duration-300 ease-in hover:scale-[1.02] hover:shadow-cu-black-200\">\n\n            <figure class=\"mb-2 overflow-hidden rounded-t-lg\">\n            <img loading=\"lazy\" decoding=\"async\" src=\"https:\/\/carleton.ca\/politicalmanagement\/wp-content\/uploads\/sites\/233\/LauraKurkimakiLinked-600x400.jpg\" alt=\"photo of laura kurkimaki\" width=\"600\" height=\"400\" \/>\n        <\/figure>\n    \n    \n        <header class=\"flex flex-col gap-3  px-6 first:mt-6\">\n        <div class=\"flex flex-row w-full gap-1\">\n                        <time datetime=\"2025-09-07T20:00:00-04:00\" class=\"block italic text-sm text-cu-black-600\">\n        September 8, 2025\n    <\/time>\n\n                    <\/div>        \n        \n    \n    <h2 class=\"line-clamp-3 text-lg font-semibold text-cu-black @sm:md:text-xl leading-6 @sm:md:leading-8\">\n        Laura Kurkimaki Weighs in on Poilievre\u2019s Future in Carleton Riding\n    <\/h2>\n\n            <\/header>\n\n\n            <div class=\"flex flex-col px-6 dark:text-white\">\n            <p class=\"text-base text-cu-black-700 dark:text-white \">\n                Pierre Poilievre may have solid roots in Alberta, but his political future in Ontario\u2019s Carleton riding is far from certain. Speculation swirls over whether the\n                                    &#8230;\n                            <\/p>\n        <\/div>\n    \n    <footer class=\"px-6 pt-3 mt-auto md:pt-5\">\n        <a href=\"https:\/\/carleton.ca\/politicalmanagement\/2025\/laura-kurkimaki-weighs-in-on-poilievres-future-in-carleton-riding\/\" class=\"cu-button cu-button--red cu-button--small\">\n            Read news\n            <span class=\"sr-only\">\n                post\n                Laura Kurkimaki Weighs in on Poilievre\u2019s Future in Carleton Riding\n            <\/span>\n        <\/a>\n    <\/footer>\n<\/div>\n\n                    \n        <\/div>\n        \n                                            <button aria-label=\"Load More\" class=\"loadMore cu-button not-prose cu-button--dark-grey cu-button--center \" type=\"button\">\n    <div class=\"block load-more-button\">\n        Load More\n    <\/div>\n    <div class=\"hidden no-more-posts\">\n        No more to load\n    <\/div>\n    <div class=\"items-center justify-center hidden load-more-spinner cu-pageloader\">\n    <div class=\"inline-block h-6 w-6 animate-spin rounded-full border-4 border-solid border-current border-r-transparent align-[-0.125em] motion-reduce:animate-[spin_1.5s_linear_infinite]\" role=\"status\">\n        <span class=\"!absolute !-m-px !h-px !w-px !overflow-hidden !whitespace-nowrap !border-0 !p-0 ![clip:rect(0,0,0,0)]\">\n            Loading&#8230;\n        <\/span>\n    <\/div>\n<\/div>\n<\/button>\n                    \n    <\/div>\n<\/section>\n","protected":false},"excerpt":{"rendered":"","protected":false},"author":2,"featured_media":0,"parent":0,"menu_order":5,"comment_status":"closed","ping_status":"closed","template":"","meta":{"_acf_changed":false,"_cu_dining_location_slug":"","footnotes":"","_links_to":"","_links_to_target":""},"cu_page_type":[],"class_list":["post-357","page","type-page","status-publish","hentry"],"acf":{"cu_post_thumbnail":""},"_links":{"self":[{"href":"https:\/\/carleton.ca\/politicalmanagement\/wp-json\/wp\/v2\/pages\/357","targetHints":{"allow":["GET"]}}],"collection":[{"href":"https:\/\/carleton.ca\/politicalmanagement\/wp-json\/wp\/v2\/pages"}],"about":[{"href":"https:\/\/carleton.ca\/politicalmanagement\/wp-json\/wp\/v2\/types\/page"}],"author":[{"embeddable":true,"href":"https:\/\/carleton.ca\/politicalmanagement\/wp-json\/wp\/v2\/users\/2"}],"replies":[{"embeddable":true,"href":"https:\/\/carleton.ca\/politicalmanagement\/wp-json\/wp\/v2\/comments?post=357"}],"version-history":[{"count":5,"href":"https:\/\/carleton.ca\/politicalmanagement\/wp-json\/wp\/v2\/pages\/357\/revisions"}],"predecessor-version":[{"id":7075,"href":"https:\/\/carleton.ca\/politicalmanagement\/wp-json\/wp\/v2\/pages\/357\/revisions\/7075"}],"wp:attachment":[{"href":"https:\/\/carleton.ca\/politicalmanagement\/wp-json\/wp\/v2\/media?parent=357"}],"wp:term":[{"taxonomy":"cu_page_type","embeddable":true,"href":"https:\/\/carleton.ca\/politicalmanagement\/wp-json\/wp\/v2\/cu_page_type?post=357"}],"curies":[{"name":"wp","href":"https:\/\/api.w.org\/{rel}","templated":true}]}}